{"id":3950,"date":"2018-10-04T11:50:27","date_gmt":"2018-10-04T09:50:27","guid":{"rendered":"https:\/\/www.capybarabooks.com\/wp22\/product\/mit-den-haien-streiten\/"},"modified":"2022-11-28T19:58:20","modified_gmt":"2022-11-28T18:58:20","slug":"mit-den-haien-streiten","status":"publish","type":"product","link":"https:\/\/www.capybarabooks.com\/fr\/produit\/mit-den-haien-streiten\/","title":{"rendered":"Mit den Haien streiten. Frauen und Gender in Luxemburg seit 1940. Femmes et genre au Luxembourg depuis 1940"},"content":{"rendered":"<p>[vc_row full_width=\u00a0\u00bbstretch_row\u00a0\u00bb content_placement=\u00a0\u00bbmiddle\u00a0\u00bb svg_background=\u00a0\u00bb%5B%7B%7D%5D\u00a0\u00bb css=\u00a0\u00bb.vc_custom_1658229123380{padding-top: 0px !important;padding-bottom: 0px !important;background-image: url(https:\/\/www.capybarabooks.com\/wp22\/wp-content\/uploads\/2021\/12\/buch-header.jpg?id=3089) !important;background-position: center !important;background-repeat: no-repeat !important;background-size: cover !important;}\u00a0\u00bb el_class=\u00a0\u00bbseitentitel-hintergrund\u00a0\u00bb][vc_column][vc_column_text el_class=\u00a0\u00bbseitentitel-eins\u00a0\u00bb]<\/p>\n<p style=\"text-align: center;\">LIVRES<\/p>\n<p>[\/vc_column_text][vc_column_text el_class=\u00a0\u00bbseitentitel-zwei\u00a0\u00bb]<\/p>\n<p style=\"text-align: center;\">Ouvrages sp\u00e9cialis\u00e9s<\/p>\n<p>[\/vc_column_text][\/vc_column][\/vc_row][vc_row css=\u00a0\u00bb.vc_custom_1658237907272{margin-top: 25px !important;}\u00a0\u00bb svg_background=\u00a0\u00bb%5B%7B%7D%5D\u00a0\u00bb][vc_column width=\u00a0\u00bb1\/3&Prime;][vc_single_image image=\u00a0\u00bb3952&Prime; img_size=\u00a0\u00bbfull\u00a0\u00bb][\/vc_column][vc_column width=\u00a0\u00bb2\/3&Prime; el_class=\u00a0\u00bbbuch-informationen\u00a0\u00bb][vc_column_text el_class=\u00a0\u00bbbuch-autor\u00a0\u00bb]Germaine Goetzinger, Sonja Kmec, Danielle Roster &amp; Ren\u00e9e Wagener (Hg.)[\/vc_column_text][vc_column_text el_class=\u00a0\u00bbbuch-titel\u00a0\u00bb]Mit den Haien streiten[\/vc_column_text][vc_column_text el_class=\u00a0\u00bbbuch-untertitel\u00a0\u00bb]Frauen und Gender in Luxemburg seit 1940. Femmes et genre au Luxembourg depuis 1940[\/vc_column_text][vc_column_text]Le pr\u00e9sent ouvrage abondamment illustr\u00e9 traite de l&rsquo;histoire des femmes au Luxembourg depuis les ann\u00e9es 40. Pour ce faire il ne se limite pas \u00e0 la gent f\u00e9minine mais traite aussi de l\u2019autre sexe, des LGBTIQ+ et du genre, la construction sociale des sexes.<\/p>\n<p>Ce livre a pour objet de permettre \u00e0 des voix ind\u00e9pendantes de se faire entendre et de mettre en \u00e9vidence les structures qui les autorisent \u00e0 s\u2019exprimer, respectivement qui les r\u00e9duisent au silence.<\/p>\n<p>Ses 27 contributions regroup\u00e9es dans huit champs th\u00e9matiques \u2013 histoire, enseignement, politique, m\u00e9dias, musique, arts, identities et f\u00e9minisme \u2013 puisent dans diff\u00e9rentes sources telles que des textes litt\u00e9raires, des articles de presse, des documents l\u00e9gislatifs, des images et du mat\u00e9riel audiovisuel.<\/p>\n<p>Des recherches historiques sur des femmes pendant la Seconde Guerre Mondiale ou pendant Mai 68, sur des femmes juives ou des femmes pasteurs, sur l\u2019enseignement ou l\u2018\u00e9ducation sexuelle alternant avec des portraits et des interviews de politiciennes et d\u2019artistes. D&rsquo;autres sujets interrogent l&rsquo;image de la femme dans le Hei Elei Kuck Elei et dans la publicit\u00e9 des m\u00e9dias.<\/p>\n<p>Aussi disponible en version e-book, e.a. ici :<br \/>\n<a href=\"https:\/\/www.hugendubel.de\/de\/search\/?q=Mit%20den%20Haien%20streiten\">Hugendubel<\/a><br \/>\n<a href=\"https:\/\/www.osiander.de\/suche?sq=Mit+den+Haien+streiten\">Osiander<\/a><br \/>\n<a href=\"https:\/\/www.thalia.de\/suche?sq=Mit+den+Haien+streiten\">Thalia<\/a>[\/vc_column_text][vc_column_text]Langues : allemand et fran\u00e7ais<br \/>\nDate de parution : 04.10.2018<br \/>\n392 pages, 26 x 19 cm<br \/>\nBroch\u00e9 avec rabats<br \/>\nISBN 978-99959-43-16-5 \/ e-book 978-99959-43-19-6<br \/>\n29,00 \u20ac \/ e-book 24,99 \u20ac[\/vc_column_text][vc_btn title=\u00a0\u00bbEXTRAIT\u00a0\u00bb style=\u00a0\u00bboutline\u00a0\u00bb shape=\u00a0\u00bbsquare\u00a0\u00bb color=\u00a0\u00bbblack\u00a0\u00bb size=\u00a0\u00bblg\u00a0\u00bb link=\u00a0\u00bburl:https%3A%2F%2Fwww.capybarabooks.com%2Fwp22%2Fwp-content%2Fuploads%2F2022%2F07%2FMit-den-Haien-streiten-Leseprobe-2.pdf|target:_blank|\u00a0\u00bb css=\u00a0\u00bb.vc_custom_1658483587378{margin-right: 25px !important;}\u00a0\u00bb el_class=\u00a0\u00bbbutton-leseprobe\u00a0\u00bb][vc_btn title=\u00a0\u00bbCOUVERTURE\u00a0\u00bb style=\u00a0\u00bboutline\u00a0\u00bb shape=\u00a0\u00bbsquare\u00a0\u00bb color=\u00a0\u00bbblack\u00a0\u00bb size=\u00a0\u00bblg\u00a0\u00bb link=\u00a0\u00bburl:https%3A%2F%2Fwww.capybarabooks.com%2Fwp22%2Fwp-content%2Fuploads%2F2022%2F07%2F5-Mit-den-Haien-streiten-download.jpg|target:_blank|\u00a0\u00bb el_class=\u00a0\u00bbbutton-coverdownload\u00a0\u00bb][vc_separator color=\u00a0\u00bbblack\u00a0\u00bb][vc_row_inner equal_height=\u00a0\u00bbyes\u00a0\u00bb content_placement=\u00a0\u00bbtop\u00a0\u00bb svg_background=\u00a0\u00bb%5B%7B%7D%5D\u00a0\u00bb el_class=\u00a0\u00bbautor-info-kasten\u00a0\u00bb][vc_column_inner width=\u00a0\u00bb1\/6&Prime;][vc_single_image image=\u00a0\u00bb4736&Prime; img_size=\u00a0\u00bbfull\u00a0\u00bb el_class=\u00a0\u00bbautor-foto\u00a0\u00bb][\/vc_column_inner][vc_column_inner el_class=\u00a0\u00bbautor-info-text\u00a0\u00bb width=\u00a0\u00bb5\/6&Prime;][vc_column_text el_class=\u00a0\u00bbautor-im-kasten\u00a0\u00bb]Germaine Goetzinger, Sonja Kmec, Danielle Roster &amp; Ren\u00e9e Wagener (Hg.)[\/vc_column_text][vc_column_text]<strong>Germaine Goetzinger<\/strong>\u00a0\u00e9tait de 1995 \u00e0 2012 directrice du Centre national de litt\u00e9rature\/L\u00ebtzebuerger Literaturarchiv qui venait d\u2019ouvrir ses portes \u00e0 Mersch. Elle a publi\u00e9 de nombreuses \u00e9tudes sur l\u2019histoire litt\u00e9raire et sociale du Luxembourg.<\/p>\n<p><strong>Sonja Kmec<\/strong>\u00a0est professeure adjointe en histoire et \u00e9tudes culturelles \u00e0 l\u2019Universit\u00e9 du Luxembourg depuis 2010. Elle enseigne et publie dans le domaine des \u00e9tudes de genre, des \u00e9tudes de m\u00e9moire, des cultures populaires et de l\u2019histoire politique.<\/p>\n<p><strong>Danielle Roster<\/strong>\u00a0est musicologue et a fond\u00e9 les archives des compositrices et des musiciennes au Luxembourg au Cid \u01c0 Fraen an Gender. Elle publie et organise des activit\u00e9s musico-culturelles et p\u00e9dagogiques dans le domaine des \u00e9tudes de genre, ainsi le projet \u00ab Musique et genre au Luxembourg \u00bb (mugi.lu) en coop\u00e9ration avec l\u2019Universit\u00e9 du Luxembourg.<\/p>\n<p>L\u2019historienne\u00a0<strong>Ren\u00e9e Wagener<\/strong>\u00a0s\u2018int\u00e9resse aux mouvements d\u2019\u00e9mancipation ainsi qu\u2019\u00e0 l\u2019histoire du suffrage et de la participation politique. Sa th\u00e8se de doctorat porte sur l\u2019histoire de la minorit\u00e9 juive au Luxembourg depuis son \u00e9mancipation formelle.[\/vc_column_text][\/vc_column_inner][\/vc_row_inner][vc_separator color=\u00a0\u00bbblack\u00a0\u00bb][\/vc_column][\/vc_row][vc_row el_class=\u00a0\u00bbpresse-echo\u00a0\u00bb svg_background=\u00a0\u00bb%5B%7B%7D%5D\u00a0\u00bb][vc_column][vc_column_text css=\u00a0\u00bb.vc_custom_1660321199755{margin-top: 10px !important;margin-bottom: 10px !important;padding-top: 10px !important;padding-right: 50px !important;padding-bottom: 20px !important;padding-left: 50px !important;background-color: #eaeaea !important;}\u00a0\u00bb]\u00bbEin Meilenstein.\u00ab<br \/>\n<strong>d\u2019L\u00ebtzebuerger Land<\/strong>[\/vc_column_text][vc_column_text css=\u00a0\u00bb.vc_custom_1658483688125{margin-top: 10px !important;margin-bottom: 10px !important;padding-top: 10px !important;padding-right: 50px !important;padding-bottom: 20px !important;padding-left: 50px !important;background-color: #eaeaea !important;}\u00a0\u00bb]\u00bbHervorragend aufgemacht. (\u2026) Ein Mosaik signifikanter Momentaufnahmen, die in ihrer heutigen Rezeption ebenso schockierend sein k\u00f6nnen wie anregend, im Sinne einer unvoreingenommenen Geschlechterdiskussion.\u00ab<br \/>\n<strong>Die Warte<\/strong>[\/vc_column_text][vc_column_text css=\u00a0\u00bb.vc_custom_1661930449327{margin-top: 10px !important;margin-bottom: 10px !important;padding-top: 10px !important;padding-right: 50px !important;padding-bottom: 20px !important;padding-left: 50px !important;background-color: #eaeaea !important;}\u00a0\u00bb]\u00bb\u203aMit den Haien streiten\u2039 vermeidet akademischen Jargon und richtet sich an eine breite \u00d6ffentlichkeit. Egal wie man nun zum eigenen Geschlecht steht, wird einem dieses Buch in der einen oder anderen Hinsicht die Augen \u00f6ffnen. Ohne gro\u00dfe Polemik und selbstgef\u00e4llige Gesten werden hier Fortschritte, R\u00fcckschl\u00e4ge und Missst\u00e4nde protokolliert. Um die Entwicklung der luxemburgischen Gesellschaft seit 1945 zu verstehen, aber auch um sich in den aktuellen Debatten \u00fcber soziale Gerechtigkeit zurechtzufinden und begr\u00fcndet zu positionieren, ist das Buch unverzichtbar. An seiner Gesamtleistung prallt so gut wie jede Detailkritik ab. Wie die Randbemerkungen zu #metoo am Ende andeuten, gibt es in Sachen Geschlechterparit\u00e4t noch reichlich Rede- und Handlungsbedarf. Es wird hoffentlich keine weiteren zwanzig Jahre dauern, bis das CID I Fraen an Gender einen Nachfolger zu diesem Band vorlegt.\u00ab<br \/>\n<strong>Livres<\/strong>[\/vc_column_text][\/vc_column][\/vc_row]<\/p>\n","protected":false},"excerpt":{"rendered":"<p>[vc_row full_width=\u00a0\u00bbstretch_row\u00a0\u00bb content_placement=\u00a0\u00bbmiddle\u00a0\u00bb svg_background=\u00a0\u00bb%5B%7B%7D%5D\u00a0\u00bb css=\u00a0\u00bb.vc_custom_1658229123380{padding-top: 0px !important;padding-bottom: 0px !important;background-image: url(https:\/\/www.capybarabooks.com\/wp22\/wp-content\/uploads\/2021\/12\/buch-header.jpg?id=3089) !important;background-position: center !important;background-repeat: no-repeat !important;background-size: cover !important;}\u00a0\u00bb el_class=\u00a0\u00bbseitentitel-hintergrund\u00a0\u00bb][vc_column][vc_column_text el_class=\u00a0\u00bbseitentitel-eins\u00a0\u00bb] LIVRES [\/vc_column_text][vc_column_text el_class=\u00a0\u00bbseitentitel-zwei\u00a0\u00bb] Ouvrages sp\u00e9cialis\u00e9s [\/vc_column_text][\/vc_column][\/vc_row][vc_row css=\u00a0\u00bb.vc_custom_1658237907272{margin-top: 25px !important;}\u00a0\u00bb svg_background=\u00a0\u00bb%5B%7B%7D%5D\u00a0\u00bb][vc_column width=\u00a0\u00bb1\/3&Prime;][vc_single_image image=\u00a0\u00bb3952&Prime; img_size=\u00a0\u00bbfull\u00a0\u00bb][\/vc_column][vc_column width=\u00a0\u00bb2\/3&Prime; el_class=\u00a0\u00bbbuch-informationen\u00a0\u00bb][vc_column_text el_class=\u00a0\u00bbbuch-autor\u00a0\u00bb]Germaine Goetzinger, Sonja Kmec, Danielle Roster [&hellip;]<\/p>\n","protected":false},"author":39,"featured_media":3951,"template":"","meta":[],"product_cat":[86],"product_tag":[],"class_list":["post-3950","product","type-product","status-publish","has-post-thumbnail","hentry","product_cat-ouvrages-specialises"],"aioseo_notices":[],"_links":{"self":[{"href":"https:\/\/www.capybarabooks.com\/fr\/wp-json\/wp\/v2\/product\/3950","targetHints":{"allow":["GET"]}}],"collection":[{"href":"https:\/\/www.capybarabooks.com\/fr\/wp-json\/wp\/v2\/product"}],"about":[{"href":"https:\/\/www.capybarabooks.com\/fr\/wp-json\/wp\/v2\/types\/product"}],"author":[{"embeddable":true,"href":"https:\/\/www.capybarabooks.com\/fr\/wp-json\/wp\/v2\/users\/39"}],"wp:featuredmedia":[{"embeddable":true,"href":"https:\/\/www.capybarabooks.com\/fr\/wp-json\/wp\/v2\/media\/3951"}],"wp:attachment":[{"href":"https:\/\/www.capybarabooks.com\/fr\/wp-json\/wp\/v2\/media?parent=3950"}],"wp:term":[{"taxonomy":"product_cat","embeddable":true,"href":"https:\/\/www.capybarabooks.com\/fr\/wp-json\/wp\/v2\/product_cat?post=3950"},{"taxonomy":"product_tag","embeddable":true,"href":"https:\/\/www.capybarabooks.com\/fr\/wp-json\/wp\/v2\/product_tag?post=3950"}],"curies":[{"name":"wp","href":"https:\/\/api.w.org\/{rel}","templated":true}]}}